{"id":5650139,"date":"2019-05-01T19:47:33","date_gmt":"2019-05-01T19:47:33","guid":{"rendered":"https:\/\/www.herreradelduque.com\/?page_id=5650139"},"modified":"2019-05-04T21:47:22","modified_gmt":"2019-05-04T21:47:22","slug":"festivities","status":"publish","type":"page","link":"https:\/\/www.herreradelduque.com\/en\/festivities\/","title":{"rendered":"Festivities"},"content":{"rendered":"[vc_row full_width=&#8221;stretch_row&#8221; equal_height=&#8221;yes&#8221; content_placement=&#8221;middle&#8221; css=&#8221;.vc_custom_1540196237632{padding-top: 150px !important;}&#8221;][vc_column width=&#8221;1\/3&#8243; css=&#8221;.vc_custom_1541848143217{background-image: url(https:\/\/www.herreradelduque.com\/wp-content\/uploads\/2018\/11\/san-anton-peloche.jpg?id=5648468) !important;background-position: center !important;background-repeat: no-repeat !important;background-size: cover !important;}&#8221; el_class=&#8221;norebro-bg-cover&#8221;][\/vc_column][vc_column width=&#8221;1\/3&#8243; css=&#8221;.vc_custom_1540196610455{padding-top: 70px !important;padding-right: 70px !important;padding-bottom: 70px !important;padding-left: 70px !important;background-color: #b32317 !important;}&#8221;]<div class=\"norebro-heading-sc heading text-left\"\r\n\tid=\"norebro-custom-69f40d54e6245\" \r\n\t \r\n\t>\r\n\t\r\n\t\r\n\t\r\n\t<h3 class=\"title\">\r\n\t\tSan Ant\u00f3n, Patron Saint of Peloche\t<\/h3>\r\n\r\n\t\r\n\t\t\r\n<\/div><div class=\"norebro-text-sc \" \r\n\tid=\"norebro-custom-69f40d54e62dd\" \r\n\t \r\n\t>\r\n\r\n\t<p>The festivity of San Ant\u00f3n, patron saint of Peloche, is celebrated on the 17th of January. The exact origins of the traditional dance of San Ant\u00f3n are unknown, but it is believed to date back to the 15th century. This dance honoring San Ant\u00f3n sees the dancers executing the various letters written on the book that the saint holds in his hand.<\/p>\n\t\r\n<\/div>[\/vc_column][vc_column width=&#8221;1\/3&#8243; css=&#8221;.vc_custom_1541848254240{background-image: url(https:\/\/www.herreradelduque.com\/wp-content\/uploads\/2018\/11\/san-anton-peloche-2-1.jpg?id=5648471) !important;background-position: center !important;background-repeat: no-repeat !important;background-size: cover !important;}&#8221;][\/vc_column][\/vc_row][vc_row full_width=&#8221;stretch_row&#8221; equal_height=&#8221;yes&#8221; content_placement=&#8221;middle&#8221;][vc_column width=&#8221;1\/3&#8243; css=&#8221;.vc_custom_1540197427362{padding-top: 0px !important;padding-right: 0px !important;padding-bottom: 0px !important;padding-left: 0px !important;background-color: #f8f8f8 !important;background-position: center !important;background-repeat: no-repeat !important;background-size: cover !important;}&#8221; el_class=&#8221;norebro-bg-cover&#8221;][vc_row_inner css=&#8221;.vc_custom_1540197434350{padding-top: 70px !important;padding-right: 70px !important;padding-bottom: 70px !important;padding-left: 70px !important;}&#8221;][vc_column_inner]<div class=\"norebro-heading-sc heading text-left\"\r\n\tid=\"norebro-custom-69f40d54e633c\" \r\n\t \r\n\t>\r\n\t\r\n\t\r\n\t\r\n\t<h3 class=\"title\">\r\n\t\tCarnivals\t<\/h3>\r\n\r\n\t\r\n\t\t\r\n<\/div><div class=\"norebro-text-sc \" \r\n\tid=\"norebro-custom-69f40d54e63a4\" \r\n\t \r\n\t>\r\n\r\n\t<p>Several months prior, the members of the different \u201cmurgas\u201d (bands of street musicians) and \u201cestudiantinas\u201d (student music groups), start preparing their lyrics, music, and costumes, related to the events that have happened in the town throughout the previous year. The carnival festivities open with a costume parade organized by the local school. The traditional \u201cburial of the sardine\u201d mark their end.<\/p>\n\t\r\n<\/div>[\/vc_column_inner][\/vc_row_inner][vc_row_inner css=&#8221;.vc_custom_1540197442440{padding-top: 70px !important;padding-right: 70px !important;padding-bottom: 70px !important;padding-left: 70px !important;background-color: #b32317 !important;}&#8221;][vc_column_inner]<div class=\"norebro-heading-sc heading text-left\"\r\n\tid=\"norebro-custom-69f40d54e63f2\" \r\n\t \r\n\t>\r\n\t\r\n\t\r\n\t\r\n\t<h3 class=\"title\">\r\n\t\tDay of the Lord\t<\/h3>\r\n\r\n\t\r\n\t\t\r\n<\/div><div class=\"norebro-text-sc \" \r\n\tid=\"norebro-custom-69f40d54e6454\" \r\n\t \r\n\t>\r\n\r\n\t<p>On Corpus Christi, the streets and squares are decorated with sedges, thyme, rosemary, marjoram and rose petals to greet the procession. Those making promises or \u201cmandas\u201d also put up their own altars with help from their neighbors. The children that have taken their First Communion that year join the procession, throwing rose petals. Once the procession is over, the sedges decorating the streets are woven to make \u201ccachiporras\u201d, toy whips for children to play with.<\/p>\n\t\r\n<\/div>[\/vc_column_inner][\/vc_row_inner][\/vc_column][vc_column width=&#8221;1\/3&#8243; css=&#8221;.vc_custom_1541848704672{background-image: url(https:\/\/www.herreradelduque.com\/wp-content\/uploads\/2018\/11\/carnaval-herrera-del-duque.jpg?id=5648472) !important;background-position: center !important;background-repeat: no-repeat !important;background-size: cover !important;}&#8221;][\/vc_column][vc_column width=&#8221;1\/3&#8243; css=&#8221;.vc_custom_1540197414179{padding-top: 70px !important;padding-right: 70px !important;padding-bottom: 70px !important;padding-left: 70px !important;background-color: #b32317 !important;}&#8221;]<div class=\"norebro-heading-sc heading text-left\"\r\n\tid=\"norebro-custom-69f40d54e649c\" \r\n\t \r\n\t>\r\n\t\r\n\t\r\n\t\r\n\t<h3 class=\"title\">\r\n\t\tEaster\t<\/h3>\r\n\r\n\t\r\n\t\t\r\n<\/div><div class=\"norebro-text-sc \" \r\n\tid=\"norebro-custom-69f40d54e650c\" \r\n\t \r\n\t>\r\n\r\n\t<p>Easter begins with Palm Sunday and the blessing of the olive branches and palm leaves. Mass is held on the Maundy Thursday in remembrance of the Last Supper. In this celebration, the feet of the Nazarenes are washed as Jesus did with his disciples. At dusk, the procession emerges lead by the Jesus of Nazarene brotherhood, which was founded before 1588.<\/p>\n<p>On the morning of Good Friday, the Via Crucis is enacted while the mass of the Descent from the Cross takes place in the evening. When night falls, the brotherhood of the Saintly Crucified Christ leads a procession that was first established circa 1943-1944.<\/p>\n<p>On Saturday night the Easter Vigil is held. Following that, the Procession of the Resurrected sees the men of the town carry the image of the Resurrected Chris while the women carry that of the Sorrowful. Following different paths, both statues meet at the square, greeted by the applause and cheers of the fervent locals and by the release of doves and swallows.<\/p>\n\t\r\n<\/div>[\/vc_column][\/vc_row][vc_row full_width=&#8221;stretch_row&#8221; equal_height=&#8221;yes&#8221; content_placement=&#8221;middle&#8221;][vc_column width=&#8221;1\/3&#8243; css=&#8221;.vc_custom_1541848779099{background-image: url(https:\/\/www.herreradelduque.com\/wp-content\/uploads\/2018\/11\/romeria-virgen-del-espino.jpg?id=5648473) !important;background-position: center !important;background-repeat: no-repeat !important;background-size: cover !important;}&#8221; el_class=&#8221;norebro-bg-cover&#8221;][\/vc_column][vc_column width=&#8221;1\/3&#8243; css=&#8221;.vc_custom_1540197963052{padding-top: 70px !important;padding-right: 70px !important;padding-bottom: 70px !important;padding-left: 70px !important;background-color: #f8f8f8 !important;}&#8221;]<div class=\"norebro-heading-sc heading text-left\"\r\n\tid=\"norebro-custom-69f40d54e6555\" \r\n\t \r\n\t>\r\n\t\r\n\t\r\n\t\r\n\t<h3 class=\"title\">\r\n\t\tThe Pilgrimage of The Virgen Del Espino\t<\/h3>\r\n\r\n\t\r\n\t\t\r\n<\/div><div class=\"norebro-text-sc \" \r\n\tid=\"norebro-custom-69f40d54e65b5\" \r\n\t \r\n\t>\r\n\r\n\t<p>On the first Sunday of May, the Peloche region hosts the pilgrimage of the Virgen del Espino, which takes its name from the Fuente del Espino fountain, located on the mountainside along the banks of the Guadiana River where the shrine was built.<\/p>\n<p>One of the typical foods prepared on this day are the aniseed-sprinkled bread rolls featuring the image of the Patron on top.<\/p>\n\t\r\n<\/div>[\/vc_column][vc_column width=&#8221;1\/3&#8243; css=&#8221;.vc_custom_1541848755052{background-image: url(https:\/\/www.herreradelduque.com\/wp-content\/uploads\/2018\/11\/semana-santa-herrera-del-duque.jpg?id=5648474) !important;background-position: center !important;background-repeat: no-repeat !important;background-size: cover !important;}&#8221;][\/vc_column][\/vc_row][vc_row full_width=&#8221;stretch_row&#8221; equal_height=&#8221;yes&#8221; content_placement=&#8221;top&#8221;][vc_column width=&#8221;1\/3&#8243; css=&#8221;.vc_custom_1540198121436{padding-top: 70px !important;padding-right: 70px !important;padding-bottom: 70px !important;padding-left: 70px !important;background-color: #b32317 !important;background-position: center !important;background-repeat: no-repeat !important;background-size: cover !important;}&#8221; el_class=&#8221;norebro-bg-cover&#8221;]<div class=\"norebro-heading-sc heading text-left\"\r\n\tid=\"norebro-custom-69f40d54e65fd\" \r\n\t \r\n\t>\r\n\t\r\n\t\r\n\t\r\n\t<h3 class=\"title\">\r\n\t\tAugust Holidays\t<\/h3>\r\n\r\n\t\r\n\t\t\r\n<\/div><div class=\"norebro-text-sc \" \r\n\tid=\"norebro-custom-69f40d54e6660\" \r\n\t \r\n\t>\r\n\r\n\t<p>The most popular festivity in Herrera is celebrated around the 15th of August, or the closest weekend to that date, when the Day of the Migrant is celebrated.<\/p>\n<p>The day begins with a presentation speech. Throughout the weekend there are several activities going on, including the \u201cGigantes y Cabezudos\u201d (giants and big-heads) parade and contests such as the \u201crope throw\u201d, and for the best ajoblanco (a cold soup made with almonds and garlic) and Pitarra wine. Bullfighting also plays a prominent role in the festivities, with renowned bullfighters headlining the events.<\/p>\n\t\r\n<\/div>[\/vc_column][vc_column width=&#8221;1\/3&#8243; css=&#8221;.vc_custom_1541848821311{background-image: url(https:\/\/www.herreradelduque.com\/wp-content\/uploads\/2018\/11\/fiestas-agosto-herrera-del-duque-2.jpg?id=5648475) !important;background-position: center !important;background-repeat: no-repeat !important;background-size: cover !important;}&#8221;][\/vc_column][vc_column width=&#8221;1\/3&#8243; css=&#8221;.vc_custom_1540198082275{padding-top: 70px !important;padding-right: 70px !important;padding-bottom: 70px !important;padding-left: 70px !important;background-color: #f8f8f8 !important;}&#8221;]<div class=\"norebro-heading-sc heading text-left\"\r\n\tid=\"norebro-custom-69f40d54e66a4\" \r\n\t \r\n\t>\r\n\t\r\n\t\r\n\t\r\n\t<h3 class=\"title\">\r\n\t\tCulture Week\t<\/h3>\r\n\r\n\t\r\n\t\t\r\n<\/div><div class=\"norebro-text-sc \" \r\n\tid=\"norebro-custom-69f40d54e66fa\" \r\n\t \r\n\t>\r\n\r\n\t<p>Celebrated a week before the town\u2019s public holiday, it offers a host of activities for all ages: exhibitions, workshops for children or sport tournaments like five-a-side football, tennis, ping-pong, and skeet shooting. The program is rounded out by the Family Theater Festival and several music performances.<\/p>\n\t\r\n<\/div>[\/vc_column][\/vc_row][vc_row full_width=&#8221;stretch_row&#8221; equal_height=&#8221;yes&#8221; content_placement=&#8221;middle&#8221;][vc_column width=&#8221;1\/3&#8243; css=&#8221;.vc_custom_1541848854961{background-image: url(https:\/\/www.herreradelduque.com\/wp-content\/uploads\/2018\/11\/jubileo-herrera-del-duque.jpg?id=5648476) !important;background-position: center !important;background-repeat: no-repeat !important;background-size: cover !important;}&#8221; el_class=&#8221;norebro-bg-cover&#8221;][\/vc_column][vc_column width=&#8221;1\/3&#8243; css=&#8221;.vc_custom_1540198592481{padding-top: 70px !important;padding-right: 70px !important;padding-bottom: 70px !important;padding-left: 70px !important;background-color: #f8f8f8 !important;}&#8221;]<div class=\"norebro-heading-sc heading text-left\"\r\n\tid=\"norebro-custom-69f40d54e673b\" \r\n\t \r\n\t>\r\n\t\r\n\t\r\n\t\r\n\t<h3 class=\"title\">\r\n\t\tJubilee\t<\/h3>\r\n\r\n\t\r\n\t\t\r\n<\/div><div class=\"norebro-text-sc \" \r\n\tid=\"norebro-custom-69f40d54e6790\" \r\n\t \r\n\t>\r\n\r\n\t<p>The patron festivity of Herrera del Duque. It is celebrated on the 8th of September, when the Virgin is seen off in the \u201cPilarito\u201d fountain and returns to her shrine, where the Sacred mass, followed by a procession and the auction of traditional sweets and \u201cmangas\u201d, takes place. Throughout the day, souvenirs of the Virgin are sold in a stall while the villagers celebrate the pilgrimage with drinking and dancing.<\/p>\n\t\r\n<\/div>[\/vc_column][vc_column width=&#8221;1\/3&#8243; css=&#8221;.vc_custom_1541848950474{background-image: url(https:\/\/www.herreradelduque.com\/wp-content\/uploads\/2018\/11\/semana-cultural-herrera-del-duque.jpg?id=5648477) !important;background-position: center !important;background-repeat: no-repeat !important;background-size: cover !important;}&#8221;][\/vc_column][\/vc_row][vc_row full_width=&#8221;stretch_row&#8221; equal_height=&#8221;yes&#8221; content_placement=&#8221;top&#8221;][vc_column width=&#8221;1\/3&#8243; css=&#8221;.vc_custom_1540198911759{padding-top: 70px !important;padding-right: 70px !important;padding-bottom: 70px !important;padding-left: 70px !important;background-color: #b32317 !important;background-position: center !important;background-repeat: no-repeat !important;background-size: cover !important;}&#8221; el_class=&#8221;norebro-bg-cover&#8221;]<div class=\"norebro-heading-sc heading text-left\"\r\n\tid=\"norebro-custom-69f40d54e67d1\" \r\n\t \r\n\t>\r\n\t\r\n\t\r\n\t\r\n\t<h3 class=\"title\">\r\n\t\tThe Chaquet\u00eda and the Casta\u00f1ada (chestnut festival)\t<\/h3>\r\n\r\n\t\r\n\t\t\r\n<\/div><div class=\"norebro-text-sc \" \r\n\tid=\"norebro-custom-69f40d54e6827\" \r\n\t \r\n\t>\r\n\r\n\t<p>This public holiday is celebrated on the 1st of November. The popular tradition in Peloche is to go to the countryside on an outing with a picnic and a bag of chestnuts, to be eaten raw or roasted. In Herrera del Duque this celebration is known as the \u201cchaquet\u00eda\u201d. Groups of friends go to the countryside to eat walnuts, chestnuts, quinces, and pomegranates.<\/p>\n\t\r\n<\/div>[\/vc_column][vc_column width=&#8221;1\/3&#8243; css=&#8221;.vc_custom_1542308553462{background-image: url(https:\/\/www.herreradelduque.com\/wp-content\/uploads\/2018\/11\/navidad-herrera-del-duque.jpg?id=5648630) !important;background-position: center !important;background-repeat: no-repeat !important;background-size: cover !important;}&#8221;][\/vc_column][vc_column width=&#8221;1\/3&#8243; css=&#8221;.vc_custom_1540198652684{padding-top: 70px !important;padding-right: 70px !important;padding-bottom: 70px !important;padding-left: 70px !important;background-color: #b32317 !important;}&#8221;]<div class=\"norebro-heading-sc heading text-left\"\r\n\tid=\"norebro-custom-69f40d54e6865\" \r\n\t \r\n\t>\r\n\t\r\n\t\r\n\t\r\n\t<h3 class=\"title\">\r\n\t\tChristmas\t<\/h3>\r\n\r\n\t\r\n\t\t\r\n<\/div><div class=\"norebro-text-sc \" \r\n\tid=\"norebro-custom-69f40d54e68bb\" \r\n\t \r\n\t>\r\n\r\n\t<p>The streets are all lit up during the holidays. On Christmas Eve, the villagers sing Christmas carols in the streets to the tune of tambourines, mortars and aniseed liquor bottles used as instruments, while they visit the houses asking for the \u201caguinaldo\u201d (a Christmas money gift). On Three Kings Day, a parade traverses the streets of Herrera and Peloche. Following the procession, the three wisemen visit the children\u2019s houses to deliver presents.<\/p>\n\t\r\n<\/div>[\/vc_column][\/vc_row]\n","protected":false},"excerpt":{"rendered":"<p>[vc_row full_width=&rdquo;stretch_row&rdquo; equal_height=&rdquo;yes&rdquo; content_placement=&rdquo;middle&rdquo; css=&rdquo;.vc_custom_1540196237632{padding-top: 150px !important;}&rdquo;][vc_column width=&rdquo;1\/3&Prime; css=&rdquo;.vc_custom_1541848143217{background-image: url(https:\/\/www.herreradelduque.com\/wp-content\/uploads\/2018\/11\/san-anton-peloche.jpg?id=5648468) !important;background-position: center !important;background-repeat: no-repeat&#8230;<\/p>\n","protected":false},"author":1,"featured_media":0,"parent":0,"menu_order":0,"comment_status":"closed","ping_status":"closed","template":"","meta":[],"_links":{"self":[{"href":"https:\/\/www.herreradelduque.com\/en\/wp-json\/wp\/v2\/pages\/5650139"}],"collection":[{"href":"https:\/\/www.herreradelduque.com\/en\/wp-json\/wp\/v2\/pages"}],"about":[{"href":"https:\/\/www.herreradelduque.com\/en\/wp-json\/wp\/v2\/types\/page"}],"author":[{"embeddable":true,"href":"https:\/\/www.herreradelduque.com\/en\/wp-json\/wp\/v2\/users\/1"}],"replies":[{"embeddable":true,"href":"https:\/\/www.herreradelduque.com\/en\/wp-json\/wp\/v2\/comments?post=5650139"}],"version-history":[{"count":8,"href":"https:\/\/www.herreradelduque.com\/en\/wp-json\/wp\/v2\/pages\/5650139\/revisions"}],"predecessor-version":[{"id":5650349,"href":"https:\/\/www.herreradelduque.com\/en\/wp-json\/wp\/v2\/pages\/5650139\/revisions\/5650349"}],"wp:attachment":[{"href":"https:\/\/www.herreradelduque.com\/en\/wp-json\/wp\/v2\/media?parent=5650139"}],"curies":[{"name":"wp","href":"https:\/\/api.w.org\/{rel}","templated":true}]}}